{"version":"1.0","provider_name":"Sismec","provider_url":"https:\/\/sismec.org.br\/site","author_name":"admin","author_url":"https:\/\/sismec.org.br\/site\/author\/admin\/","title":"Entenda a interven\u00e7\u00e3o federal no Rio - Sismec","type":"rich","width":600,"height":338,"html":"<blockquote class=\"wp-embedded-content\" data-secret=\"ly4rD5hTSF\"><a href=\"https:\/\/sismec.org.br\/site\/entenda-a-intervencao-federal-no-rio\/\">Entenda a interven\u00e7\u00e3o federal no Rio<\/a><\/blockquote><iframe sandbox=\"allow-scripts\" security=\"restricted\" src=\"https:\/\/sismec.org.br\/site\/entenda-a-intervencao-federal-no-rio\/embed\/#?secret=ly4rD5hTSF\" width=\"600\" height=\"338\" title=\"&#8220;Entenda a interven\u00e7\u00e3o federal no Rio&#8221; &#8212; Sismec\" data-secret=\"ly4rD5hTSF\" frameborder=\"0\" marginwidth=\"0\" marginheight=\"0\" scrolling=\"no\" class=\"wp-embedded-content\"><\/iframe><script type=\"text\/javascript\">\n\/* <![CDATA[ *\/\n\/*! This file is auto-generated *\/\n!function(d,l){\"use strict\";l.querySelector&&d.addEventListener&&\"undefined\"!=typeof URL&&(d.wp=d.wp||{},d.wp.receiveEmbedMessage||(d.wp.receiveEmbedMessage=function(e){var t=e.data;if((t||t.secret||t.message||t.value)&&!\/[^a-zA-Z0-9]\/.test(t.secret)){for(var s,r,n,a=l.querySelectorAll('iframe[data-secret=\"'+t.secret+'\"]'),o=l.querySelectorAll('blockquote[data-secret=\"'+t.secret+'\"]'),c=new RegExp(\"^https?:$\",\"i\"),i=0;i<o.length;i++)o[i].style.display=\"none\";for(i=0;i<a.length;i++)s=a[i],e.source===s.contentWindow&&(s.removeAttribute(\"style\"),\"height\"===t.message?(1e3<(r=parseInt(t.value,10))?r=1e3:~~r<200&&(r=200),s.height=r):\"link\"===t.message&&(r=new URL(s.getAttribute(\"src\")),n=new URL(t.value),c.test(n.protocol))&&n.host===r.host&&l.activeElement===s&&(d.top.location.href=t.value))}},d.addEventListener(\"message\",d.wp.receiveEmbedMessage,!1),l.addEventListener(\"DOMContentLoaded\",function(){for(var e,t,s=l.querySelectorAll(\"iframe.wp-embedded-content\"),r=0;r<s.length;r++)(t=(e=s[r]).getAttribute(\"data-secret\"))||(t=Math.random().toString(36).substring(2,12),e.src+=\"#?secret=\"+t,e.setAttribute(\"data-secret\",t)),e.contentWindow.postMessage({message:\"ready\",secret:t},\"*\")},!1)))}(window,document);\n\/\/# sourceURL=https:\/\/sismec.org.br\/site\/wp-includes\/js\/wp-embed.min.js\n\/* ]]> *\/\n<\/script>\n","thumbnail_url":"https:\/\/sismec.org.br\/site\/wp-content\/uploads\/2018\/03\/Interven\u00e7\u00e3o-militar.jpg","thumbnail_width":800,"thumbnail_height":445,"description":"Interven\u00e7\u00e3o federal na seguran\u00e7a do Rio: O que se sabe e o que falta ser definido. O decreto j\u00e1 est\u00e1 valendo? Sim. O decreto foi assinado em cerim\u00f4nia no Planalto\u00a0na tarde desta sexta-feira (16) e passou a vigorar assim que foi publicado no Di\u00e1rio Oficial da Uni\u00e3o. At\u00e9 quando vale? At\u00e9 31 de dezembro de 2018, \u00faltimo dia de Pez\u00e3o no governo do Estado do Rio de Janeiro. Quem ser\u00e1 o interventor? O general Walter..."}